{"id":30809,"date":"2025-01-15T10:11:13","date_gmt":"2025-01-15T09:11:13","guid":{"rendered":"https:\/\/roesslbianco.it\/?page_id=30809"},"modified":"2025-01-15T12:48:03","modified_gmt":"2025-01-15T11:48:03","slug":"adatvedelem","status":"publish","type":"page","link":"https:\/\/roesslbianco.it\/hu\/adatvedelem\/","title":{"rendered":"Adatv\u00e9delem"},"content":{"rendered":"<div class=\"flex max-w-full flex-col flex-grow\">\n<div class=\"min-h-8 text-message flex w-full flex-col items-end gap-2 whitespace-normal break-words text-start [.text-message+&amp;]:mt-5\" dir=\"auto\" data-message-author-role=\"assistant\" data-message-id=\"ece02555-f0c6-42a3-8ef3-156543648dd5\" data-message-model-slug=\"gpt-4o\">\n<div class=\"flex w-full flex-col gap-1 empty:hidden first:pt-[3px]\">\n<div class=\"markdown prose w-full break-words dark:prose-invert dark\">\n<h2>Adatv\u00e9delmi nyilatkozat<\/h2>\n<p><strong>Az eur\u00f3pai \u00e1ltal\u00e1nos adatv\u00e9delmi rendelet (GDPR) szerinti jogszab\u00e1lyi t\u00e1j\u00e9koztat\u00e1si k\u00f6telezetts\u00e9gek teljes\u00edt\u00e9se<\/strong><\/p>\n<p>Ez a nyilatkozat minden vend\u00e9g\u00fcnkre \u00e9s weboldalunk l\u00e1togat\u00f3ira vonatkozik. Ez\u00faton t\u00e1j\u00e9koztatjuk \u00d6nt a szem\u00e9lyes adatok gy\u0171jt\u00e9s\u00e9nek \u00e9s felhaszn\u00e1l\u00e1s\u00e1nak t\u00edpus\u00e1r\u00f3l, terjedelm\u00e9r\u0151l \u00e9s c\u00e9lj\u00e1r\u00f3l.<\/p>\n<p><strong>Az adatkezel\u00e9s\u00e9rt felel\u0151s szem\u00e9ly:<\/strong><br \/>\n<strong>bistro &amp; bed &amp; breakfast<\/strong><br \/>\nLauben 357<br \/>\n39012 Merano<br \/>\nTel.: +39 0473 338032<br \/>\n<a href=\"mailto:info@roesslbianco.it\" rel=\"noopener\">info@roesslbianco.it<\/a><br \/>\nAd\u00f3sz\u00e1m: IT 02965800218<\/p>\n<p>Az eur\u00f3pai \u00e1ltal\u00e1nos adatv\u00e9delmi rendelet 13. cikk\u00e9nek \u00e9rtelm\u00e9ben az al\u00e1bbi adatokat kezelj\u00fck:<\/p>\n<ul>\n<li>Az \u00d6n szem\u00e9lyes adatai (pl. keresztn\u00e9v, vezet\u00e9kn\u00e9v, lakc\u00edm, telefonsz\u00e1m, e-mail c\u00edm, sz\u00fclet\u00e9si d\u00e1tum, sz\u00fclet\u00e9si hely, nyelv stb.)<\/li>\n<li>Az \u00fati okm\u00e1nyokban \u00e9s szem\u00e9lyazonos\u00edt\u00f3 igazolv\u00e1nyokban szerepl\u0151 adatok<\/li>\n<li>Fizet\u00e9ssel kapcsolatos adatok, p\u00e9ld\u00e1ul bankk\u00e1rtya-, hitelk\u00e1rtya- \u00e9s banksz\u00e1mla-inform\u00e1ci\u00f3k<\/li>\n<li>Az \u00d6n \u00e1ltal k\u00e9rt tart\u00f3zkod\u00e1s id\u0151tartama, valamint a tart\u00f3zkod\u00e1ssal kapcsolatos, \u00d6n \u00e1ltal megadott szem\u00e9lyes preferenci\u00e1k<\/li>\n<\/ul>\n<p>Az adatokat szolg\u00e1ltat\u00e1saink ny\u00fajt\u00e1sa \u00e9rdek\u00e9ben t\u00e1roljuk \u00e9s dolgozzuk fel, \u00e9s sz\u00fcks\u00e9g eset\u00e9n, valamint t\u00f6rv\u00e9nyi el\u0151\u00edr\u00e1s alapj\u00e1n harmadik feleknek (pl. hat\u00f3s\u00e1gok, turisztikai egyes\u00fcletek) tov\u00e1bb\u00edtjuk. Az adatok nem ker\u00fclnek harmadik orsz\u00e1gokba tov\u00e1bb\u00edt\u00e1sra. Amennyiben \u00d6n nem hajland\u00f3 megadni szem\u00e9lyes adatait, \u00fati okm\u00e1nyai adatait vagy banki adatait, nem tudjuk teljes\u00edteni szerz\u0151d\u00e9ses k\u00f6telezetts\u00e9geinket, \u00e9s nem tudjuk \u00d6nt sz\u00e1ll\u00e1sunkon fogadni. Profilalkot\u00e1st \u00e9s automatiz\u00e1lt d\u00f6nt\u00e9shozatalt nem alkalmazunk.<\/p>\n<p><strong>Az adatkezel\u00e9s jogalapjai:<\/strong><\/p>\n<ul>\n<li>Szerz\u0151d\u00e9sk\u00f6t\u00e9s el\u0151tti \u00e9s szerz\u0151d\u00e9ses k\u00f6telezetts\u00e9geink teljes\u00edt\u00e9se \u00d6n fel\u00e9<\/li>\n<li>Az \u00d6n \u00e1ltal adott hozz\u00e1j\u00e1rul\u00e1sok<\/li>\n<li>Jogi, szerz\u0151d\u00e9ses vagy egy\u00e9b t\u00f6rv\u00e9nyi k\u00f6telezetts\u00e9geink (pl. k\u00f6nyvel\u00e9si, ad\u00f3- \u00e9s v\u00e1mjogi dokument\u00e1ci\u00f3s k\u00f6telezetts\u00e9gek, jelent\u00e9si k\u00f6telezetts\u00e9gek, szerz\u0151d\u00e9ses jogviszonyok, jogi elj\u00e1r\u00e1sok)<\/li>\n<li>Jogos \u00e9rdekeink (pl. \u00fcgyf\u00e9lszolg\u00e1latunk fejleszt\u00e9se, bele\u00e9rtve a k\u00f6zvetlen marketinget is, vagy saj\u00e1t jogi \u00e9rdekeink \u00e9rv\u00e9nyes\u00edt\u00e9se)<\/li>\n<\/ul>\n<p><strong>Az adatok t\u00e1rol\u00e1s\u00e1nak id\u0151tartama<\/strong> az \u00fczleti kapcsolat id\u0151tartama, az \u00d6n \u00e1ltal adott hozz\u00e1j\u00e1rul\u00e1sok, valamint a r\u00e1nk vonatkoz\u00f3 t\u00f6rv\u00e9nyi meg\u0151rz\u00e9si \u00e9s jogi k\u00f6telezetts\u00e9gek szerint t\u00f6rt\u00e9nik.<\/p>\n<p>\u00d6n b\u00e1rmikor ingyenesen k\u00e9rhet t\u00e1j\u00e9koztat\u00e1st az \u00e1ltalunk t\u00e1rolt szem\u00e9lyes adatokr\u00f3l. \u00c9rintettk\u00e9nt joga van tov\u00e1bb\u00e1 visszavonni hozz\u00e1j\u00e1rul\u00e1s\u00e1t, t\u00e1j\u00e9koztat\u00e1st k\u00e9rni, t\u00f6r\u00f6ltetni, helyesb\u00edteni, korl\u00e1tozni vagy \u00e1tvinni szem\u00e9lyes adatait, amennyiben t\u00f6rv\u00e9nyi meg\u0151rz\u00e9si k\u00f6telezetts\u00e9g\u00fcnk ezt nem akad\u00e1lyozza. A visszavon\u00e1si jog gyakorl\u00e1sa eset\u00e9n minden adat\u00e1t visszavonhatatlanul t\u00f6r\u00f6lj\u00fck, felt\u00e9ve, hogy ezzel nem s\u00e9r\u00fclnek magasabb szint\u0171 jogszab\u00e1lyi rendelkez\u00e9sek.<\/p>\n<p>Az \u00e9rintetti jogair\u00f3l tov\u00e1bbi inform\u00e1ci\u00f3k\u00e9rt k\u00e9rj\u00fck, vegye fel vel\u00fcnk a kapcsolatot az info@roesslbianco.it c\u00edmen.<\/p>\n<p>Panasz eset\u00e9n a fel\u00fcgyeleti hat\u00f3s\u00e1g:<br \/>\n<strong>Garante per la protezione dei dati personali<\/strong><br \/>\nPiazza di Monte Citorio n. 121<br \/>\n00186 R\u00f3ma<br \/>\nFax: (+39) 06.69677.3785<br \/>\nTel.: (+39) 06.696771<br \/>\nE-mail: <a href=\"mailto:garante@gpdp.it\" rel=\"noopener\">garante@gpdp.it<\/a><\/p>\n<p><strong>Adatv\u00e9delmi szab\u00e1lyzatunk m\u00f3dos\u00edt\u00e1sa<\/strong><br \/>\nFenntartjuk a jogot arra, hogy ezt az adatv\u00e9delmi nyilatkozatot m\u00f3dos\u00edtsuk annak \u00e9rdek\u00e9ben, hogy az mindig megfeleljen az aktu\u00e1lis jogi k\u00f6vetelm\u00e9nyeknek, vagy hogy adatv\u00e9delmi nyilatkozatunkban v\u00e9grehajtsuk szolg\u00e1ltat\u00e1saink v\u00e1ltoz\u00e1sait, p\u00e9ld\u00e1ul \u00faj szolg\u00e1ltat\u00e1sok bevezet\u00e9sekor. Az \u00d6n \u00fajb\u00f3li l\u00e1togat\u00e1s\u00e1ra az \u00faj adatv\u00e9delmi nyilatkozat \u00e9rv\u00e9nyes.<\/p>\n<\/div>\n<\/div>\n<\/div>\n<\/div>","protected":false},"excerpt":{"rendered":"<p>Adatv\u00e9delmi nyilatkozat Az eur\u00f3pai \u00e1ltal\u00e1nos adatv\u00e9delmi rendelet (GDPR) szerinti jogszab\u00e1lyi t\u00e1j\u00e9koztat\u00e1si k\u00f6telezetts\u00e9gek teljes\u00edt\u00e9se Ez a&#8230;<\/p>\n","protected":false},"author":24782,"featured_media":0,"parent":0,"menu_order":99,"comment_status":"closed","ping_status":"closed","template":"","meta":{"footnotes":""},"class_list":["post-30809","page","type-page","status-publish"],"_links":{"self":[{"href":"https:\/\/roesslbianco.it\/hu\/wp-json\/wp\/v2\/pages\/30809","targetHints":{"allow":["GET"]}}],"collection":[{"href":"https:\/\/roesslbianco.it\/hu\/wp-json\/wp\/v2\/pages"}],"about":[{"href":"https:\/\/roesslbianco.it\/hu\/wp-json\/wp\/v2\/types\/page"}],"author":[{"embeddable":true,"href":"https:\/\/roesslbianco.it\/hu\/wp-json\/wp\/v2\/users\/24782"}],"replies":[{"embeddable":true,"href":"https:\/\/roesslbianco.it\/hu\/wp-json\/wp\/v2\/comments?post=30809"}],"version-history":[{"count":3,"href":"https:\/\/roesslbianco.it\/hu\/wp-json\/wp\/v2\/pages\/30809\/revisions"}],"predecessor-version":[{"id":30812,"href":"https:\/\/roesslbianco.it\/hu\/wp-json\/wp\/v2\/pages\/30809\/revisions\/30812"}],"wp:attachment":[{"href":"https:\/\/roesslbianco.it\/hu\/wp-json\/wp\/v2\/media?parent=30809"}],"curies":[{"name":"wp","href":"https:\/\/api.w.org\/{rel}","templated":true}]}}